{"id":70,"date":"2023-02-02T11:04:50","date_gmt":"2023-02-02T11:04:50","guid":{"rendered":"http:\/\/www.dentistacomoh24.ch\/?page_id=70"},"modified":"2023-02-02T11:11:50","modified_gmt":"2023-02-02T11:11:50","slug":"privacy-policy","status":"publish","type":"page","link":"https:\/\/www.dentistacomoh24.ch\/index.php\/privacy-policy\/","title":{"rendered":"PrivacyPolicy"},"content":{"rendered":"\t\t<div data-elementor-type=\"wp-post\" data-elementor-id=\"70\" class=\"elementor elementor-70\" data-elementor-settings=\"{&quot;ha_cmc_init_switcher&quot;:&quot;no&quot;}\">\n\t\t\t\t\t\t<section class=\"elementor-section elementor-top-section elementor-element elementor-element-16f6641 elementor-section-boxed elementor-section-height-default elementor-section-height-default wpr-particle-no wpr-jarallax-no wpr-parallax-no wpr-sticky-section-no wpr-column-slider-no wpr-equal-height-no\" data-id=\"16f6641\" data-element_type=\"section\" data-settings=\"{&quot;background_background&quot;:&quot;classic&quot;,&quot;_ha_eqh_enable&quot;:false}\">\n\t\t\t\t\t\t<div class=\"elementor-container elementor-column-gap-default\">\n\t\t\t\t\t<div class=\"elementor-column elementor-col-50 elementor-top-column elementor-element elementor-element-6b24fc2\" data-id=\"6b24fc2\" data-element_type=\"column\">\n\t\t\t<div class=\"elementor-widget-wrap elementor-element-populated\">\n\t\t\t\t\t\t<div class=\"elementor-element elementor-element-2d29634 elementor-widget elementor-widget-heading\" data-id=\"2d29634\" data-element_type=\"widget\" data-widget_type=\"heading.default\">\n\t\t\t\t<div class=\"elementor-widget-container\">\n\t\t\t\t\t<h6 class=\"elementor-heading-title elementor-size-default\">Pronto soccorso dentistico h24 su telefonata\n\n<\/h6>\t\t\t\t<\/div>\n\t\t\t\t<\/div>\n\t\t\t\t\t<\/div>\n\t\t<\/div>\n\t\t\t\t<div class=\"elementor-column elementor-col-50 elementor-top-column elementor-element elementor-element-a7dd895\" data-id=\"a7dd895\" data-element_type=\"column\">\n\t\t\t<div class=\"elementor-widget-wrap elementor-element-populated\">\n\t\t\t\t\t\t<div class=\"elementor-element elementor-element-da85493 elementor-widget elementor-widget-heading\" data-id=\"da85493\" data-element_type=\"widget\" data-widget_type=\"heading.default\">\n\t\t\t\t<div class=\"elementor-widget-container\">\n\t\t\t\t\t<h6 class=\"elementor-heading-title elementor-size-default\"><a href=\"tel:+39335266132\">Chiama +39 335 26 61 32<\/a><\/h6>\t\t\t\t<\/div>\n\t\t\t\t<\/div>\n\t\t\t\t\t<\/div>\n\t\t<\/div>\n\t\t\t\t\t<\/div>\n\t\t<\/section>\n\t\t\t\t<section class=\"elementor-section elementor-top-section elementor-element elementor-element-da06d3c elementor-section-boxed elementor-section-height-default elementor-section-height-default wpr-particle-no wpr-jarallax-no wpr-parallax-no wpr-sticky-section-no wpr-column-slider-no wpr-equal-height-no\" data-id=\"da06d3c\" data-element_type=\"section\" data-settings=\"{&quot;_ha_eqh_enable&quot;:false}\">\n\t\t\t\t\t\t<div class=\"elementor-container elementor-column-gap-default\">\n\t\t\t\t\t<div class=\"elementor-column elementor-col-33 elementor-top-column elementor-element elementor-element-31caf4d\" data-id=\"31caf4d\" data-element_type=\"column\">\n\t\t\t<div class=\"elementor-widget-wrap\">\n\t\t\t\t\t\t\t<\/div>\n\t\t<\/div>\n\t\t\t\t<div class=\"elementor-column elementor-col-33 elementor-top-column elementor-element elementor-element-a8b1cd6\" data-id=\"a8b1cd6\" data-element_type=\"column\">\n\t\t\t<div class=\"elementor-widget-wrap elementor-element-populated\">\n\t\t\t\t\t\t<div class=\"elementor-element elementor-element-aee7e45 elementor-widget elementor-widget-image\" data-id=\"aee7e45\" data-element_type=\"widget\" data-widget_type=\"image.default\">\n\t\t\t\t<div class=\"elementor-widget-container\">\n\t\t\t\t\t\t\t\t\t\t\t\t\t\t\t\t<a href=\"#chisiamo\">\n\t\t\t\t\t\t\t<img decoding=\"async\" width=\"400\" height=\"114\" src=\"https:\/\/www.dentistacomoh24.ch\/wp-content\/uploads\/2023\/02\/Senza-titolo-1.jpg\" class=\"attachment-large size-large wp-image-6\" alt=\"\" srcset=\"https:\/\/www.dentistacomoh24.ch\/wp-content\/uploads\/2023\/02\/Senza-titolo-1.jpg 400w, https:\/\/www.dentistacomoh24.ch\/wp-content\/uploads\/2023\/02\/Senza-titolo-1-300x86.jpg 300w\" sizes=\"(max-width: 400px) 100vw, 400px\" \/>\t\t\t\t\t\t\t\t<\/a>\n\t\t\t\t\t\t\t\t\t\t\t\t\t\t\t<\/div>\n\t\t\t\t<\/div>\n\t\t\t\t\t<\/div>\n\t\t<\/div>\n\t\t\t\t<div class=\"elementor-column elementor-col-33 elementor-top-column elementor-element elementor-element-f914461\" data-id=\"f914461\" data-element_type=\"column\">\n\t\t\t<div class=\"elementor-widget-wrap elementor-element-populated\">\n\t\t\t\t\t\t<div class=\"elementor-element elementor-element-f686986 elementor-widget elementor-widget-image\" data-id=\"f686986\" data-element_type=\"widget\" data-widget_type=\"image.default\">\n\t\t\t\t<div class=\"elementor-widget-container\">\n\t\t\t\t\t\t\t\t\t\t\t\t\t\t\t\t<a href=\"tel:+39335266132\">\n\t\t\t\t\t\t\t<img fetchpriority=\"high\" decoding=\"async\" width=\"522\" height=\"150\" src=\"https:\/\/www.dentistacomoh24.ch\/wp-content\/uploads\/2023\/02\/pronto-soccorso-dentistico.png\" class=\"attachment-medium_large size-medium_large wp-image-15\" alt=\"\" srcset=\"https:\/\/www.dentistacomoh24.ch\/wp-content\/uploads\/2023\/02\/pronto-soccorso-dentistico.png 522w, https:\/\/www.dentistacomoh24.ch\/wp-content\/uploads\/2023\/02\/pronto-soccorso-dentistico-300x86.png 300w\" sizes=\"(max-width: 522px) 100vw, 522px\" \/>\t\t\t\t\t\t\t\t<\/a>\n\t\t\t\t\t\t\t\t\t\t\t\t\t\t\t<\/div>\n\t\t\t\t<\/div>\n\t\t\t\t\t<\/div>\n\t\t<\/div>\n\t\t\t\t\t<\/div>\n\t\t<\/section>\n\t\t\t\t<section class=\"elementor-section elementor-top-section elementor-element elementor-element-a6e8474 elementor-section-boxed elementor-section-height-default elementor-section-height-default wpr-particle-no wpr-jarallax-no wpr-parallax-no wpr-sticky-section-no wpr-column-slider-no wpr-equal-height-no\" data-id=\"a6e8474\" data-element_type=\"section\" data-settings=\"{&quot;_ha_eqh_enable&quot;:false}\">\n\t\t\t\t\t\t<div class=\"elementor-container elementor-column-gap-default\">\n\t\t\t\t\t<div class=\"elementor-column elementor-col-100 elementor-top-column elementor-element elementor-element-a6b6a6f\" data-id=\"a6b6a6f\" data-element_type=\"column\">\n\t\t\t<div class=\"elementor-widget-wrap elementor-element-populated\">\n\t\t\t\t\t\t<div class=\"elementor-element elementor-element-ccfc622 elementor-widget elementor-widget-text-editor\" data-id=\"ccfc622\" data-element_type=\"widget\" data-widget_type=\"text-editor.default\">\n\t\t\t\t<div class=\"elementor-widget-container\">\n\t\t\t\t\t\t\t\t\t<p><br \/><strong>Informativa per il trattamento dei dati personali ex. Art 13 \u2013 D. Lgs. N.196\/2003 del 30 Giugno 2003<\/strong><\/p><p align=\"justify\">\u00a0<\/p><p align=\"justify\">Per l\u2019instaurazione e l\u2019esecuzione dei rapporti contrattuali con i propri clienti, la seguente societ\u00e0 viene in possesso di dati anagrafici, fiscali ed inerenti l\u2019oggetto sociale\/aziendale relativo, acquisiti anche verbalmente, direttamente o tramite terzi. Ai sensi del D. Lgs. N.196\/2003 del 30 Giugno 2003 \u201cCodice in materia di protezione dei dati personali\u201d ed in relazione ai dati personali che intendiamo trattare secondo principi di correttezza, liceit\u00e0, trasparenza e di tutela della riservatezza e dei diritti, Vi informiamo di quanto a seguito.<\/p><p align=\"justify\">\u00a0<\/p><p class=\"Stile2 rightTxt\" align=\"justify\"><strong>Titolare e responsabile<\/strong><\/p><p align=\"justify\">Titolare e responsabile del trattamento dei dati personali \u00e8 il rappresentante legale domiciliato per la funzione presso la societ\u00e0 stessa.<\/p><p align=\"justify\">\u00a0<\/p><p class=\"Stile2 rightTxt\" align=\"justify\"><strong>Finalit\u00e0 del trattamento<\/strong><\/p><p align=\"justify\">I dati personali sono trattati nell\u2019ambito della normale attivit\u00e0 del titolare e secondo finalit\u00e0 strettamente connesse e strumentali alla gestione del rapporto intercorrente in ogni fase (pre-contrattuale, contrattuale, contenzioso, ecc.), ai derivanti obblighi contrattuali e di aggiornamento dei servizi offerti, agli adempimenti imposti dalla legge, dai regolamenti e dalla normativa comunitaria.<\/p><p align=\"justify\">\u00a0<\/p><p class=\"Stile2 rightTxt\" align=\"justify\"><strong>Natura del conferimento<\/strong><\/p><p align=\"justify\">Il conferimento dei dati stessi \u00e8 obbligatorio per tutto quanto \u00e8 richiesto dagli obblighi legali e contrattuali e pertanto l\u2019eventuale rifiuto a fornirli o al successivo trattamento potr\u00e0 determinare l\u2019impossibilit\u00e0 di dar corso ai rapporti contrattuali medesimi. Il mancato conferimento di dati che non siano riconducibili a obblighi legali o contrattuali verr\u00e0 valutato di volta in volta e determiner\u00e0 le conseguenti decisioni rapportate all\u2019importanza dei dati richiesti rispetto alla gestione del rapporto.<\/p><p align=\"justify\">\u00a0<\/p><p class=\"Stile2 rightTxt\" align=\"justify\"><strong>Modalit\u00e0 del trattamento<\/strong><\/p><p align=\"justify\">Il trattamento dei dati personali avviene con supporto di mezzi cartacei ed informatici e si realizza esclusivamente attraverso le fasi di raccolta, registrazione, organizzazione, conservazione, classificazione, comunicazione, cancellazione e distruzione dei dati, effettuate da parte del personale addetto nell\u2019ambito dell\u2019attivit\u00e0 di propria competenza e a seguito di opportuno addestramento. I dati sono conservati presso la nostra sede e verranno trattati per tutta la durata dei rapporti contrattuali instaurati e anche successivamente per l\u2019espletamento di tutti gli adempimenti di legge. I dati relativi allo svolgimento dell\u2019attivit\u00e0 economica sono trattati nel rispetto della vigente normativa in materia di segreto aziendale ed industriale. Sono impiegate misure di sicurezza volte a garantire la necessaria riservatezza ed evitare l\u2019indebito accesso a soggetti terzi o persone non autorizzate.<\/p><p align=\"justify\">\u00a0<\/p><p class=\"Stile2 rightTxt\" align=\"justify\"><strong>Ambito di comunicazione e diffusione dei dati<\/strong><\/p><p align=\"justify\">Ferme restando le comunicazioni e diffusioni effettuate in esecuzione di obblighi di legge, i dati sono resi disponibili esclusivamente per le finalit\u00e0 sopra elencate e potranno essere comunicati (per i soli aspetti inerenti l\u2019attivit\u00e0 specifica da eseguire), in ambito nazionale e\/o internazionale, ai seguenti altri soggetti :<\/p><p align=\"justify\">\u2022 Enti di accreditamento;<\/p><p align=\"justify\">\u2022 Professionisti e societ\u00e0 esterne che collaborano per le attivit\u00e0 di audit;<\/p><p align=\"justify\">\u2022 Professionisti e societ\u00e0 esterne che svolgono attivit\u00e0 per la gestione e il controllo della nostra attivit\u00e0 imprenditoriale;<\/p><p align=\"justify\">\u2022 Banche o Istituti di credito;<\/p><p align=\"justify\">\u2022 Societ\u00e0 o enti di recupero del credito.<\/p><p align=\"justify\">\u00a0<\/p><p align=\"justify\">Viene altres\u00ec divulgato a terzi, attraverso mezzi verbali, cartacei, rete internet e sito web, lo stato di validit\u00e0 della certificazione dell\u2019organizzazione cliente (certificata, sospesa, cancellata), indicando denominazione sociale, indirizzo, norma di riferimento, scopo di certificazione e numero di certificato, codice fiscale e partita IVA. In nessun caso i dati personali in nostro possesso verranno diffusi o comunicati a soggetti terzi a fini commerciali, fatti salvi i limiti di cui all\u2019art. 16 D. Lgs 196\/2003.<\/p><p align=\"justify\">\u00a0<\/p><p align=\"justify\"><strong>Diritti dell\u2019interessato<\/strong><\/p><p align=\"justify\">Relativamente ai dati personali, la Vostra organizzazione pu\u00f2 in ogni momento esercitare i diritti previsti dall\u2019art. 7 del D. Lgs. N.196\/2003nei limiti ed alle condizioni previste dagli articoli 8, 9 e 10 del medesimo decreto, inoltrando una richiesta a mezzo raccomandata, fax o e-mail, al titolare del trattamento dei dati personali. Gli indirizzi sono riportati nell\u2019apposita pagina di questo sito.<\/p><p>\u00a0<\/p>\t\t\t\t\t\t\t\t<\/div>\n\t\t\t\t<\/div>\n\t\t\t\t\t<\/div>\n\t\t<\/div>\n\t\t\t\t\t<\/div>\n\t\t<\/section>\n\t\t\t\t<section class=\"elementor-section elementor-top-section elementor-element elementor-element-84e2e5b elementor-section-boxed elementor-section-height-default elementor-section-height-default wpr-particle-no wpr-jarallax-no wpr-parallax-no wpr-sticky-section-no wpr-column-slider-no wpr-equal-height-no\" data-id=\"84e2e5b\" data-element_type=\"section\" data-settings=\"{&quot;background_background&quot;:&quot;classic&quot;,&quot;_ha_eqh_enable&quot;:false}\">\n\t\t\t\t\t\t<div class=\"elementor-container elementor-column-gap-default\">\n\t\t\t\t\t<div class=\"elementor-column elementor-col-100 elementor-top-column elementor-element elementor-element-d1a41d4\" data-id=\"d1a41d4\" data-element_type=\"column\">\n\t\t\t<div class=\"elementor-widget-wrap elementor-element-populated\">\n\t\t\t\t\t\t<div class=\"elementor-element elementor-element-f480d20 elementor-widget elementor-widget-spacer\" data-id=\"f480d20\" data-element_type=\"widget\" data-widget_type=\"spacer.default\">\n\t\t\t\t<div class=\"elementor-widget-container\">\n\t\t\t\t\t\t\t<div class=\"elementor-spacer\">\n\t\t\t<div class=\"elementor-spacer-inner\"><\/div>\n\t\t<\/div>\n\t\t\t\t\t\t<\/div>\n\t\t\t\t<\/div>\n\t\t\t\t\t<\/div>\n\t\t<\/div>\n\t\t\t\t\t<\/div>\n\t\t<\/section>\n\t\t\t\t<section class=\"elementor-section elementor-top-section elementor-element elementor-element-629e708 elementor-section-boxed elementor-section-height-default elementor-section-height-default wpr-particle-no wpr-jarallax-no wpr-parallax-no wpr-sticky-section-no wpr-column-slider-no wpr-equal-height-no\" data-id=\"629e708\" data-element_type=\"section\" data-settings=\"{&quot;background_background&quot;:&quot;classic&quot;,&quot;_ha_eqh_enable&quot;:false}\">\n\t\t\t\t\t\t<div class=\"elementor-container elementor-column-gap-default\">\n\t\t\t\t\t<div class=\"elementor-column elementor-col-33 elementor-top-column elementor-element elementor-element-82d261a\" data-id=\"82d261a\" data-element_type=\"column\">\n\t\t\t<div class=\"elementor-widget-wrap elementor-element-populated\">\n\t\t\t\t\t\t<div class=\"elementor-element elementor-element-9798b41 elementor-widget elementor-widget-text-editor\" data-id=\"9798b41\" data-element_type=\"widget\" data-widget_type=\"text-editor.default\">\n\t\t\t\t<div class=\"elementor-widget-container\">\n\t\t\t\t\t\t\t\t\t<h4><span style=\"color: #ffffff;\"><strong>Studio Dentistico Andrea Monticelli<\/strong><\/span><\/h4><p><span style=\"color: #ffffff;\">Via S. Martino Vescovo, 3<\/span><br \/><span style=\"color: #ffffff;\">22100 Como (CO)<\/span><\/p><p><span style=\"color: #ffffff;\">Tel +39 031.306160<\/span><\/p><p><span style=\"color: #ffffff;\">Cell +39 335 266 132<\/span><\/p>\t\t\t\t\t\t\t\t<\/div>\n\t\t\t\t<\/div>\n\t\t\t\t\t<\/div>\n\t\t<\/div>\n\t\t\t\t<div class=\"elementor-column elementor-col-33 elementor-top-column elementor-element elementor-element-e969b3d\" data-id=\"e969b3d\" data-element_type=\"column\">\n\t\t\t<div class=\"elementor-widget-wrap elementor-element-populated\">\n\t\t\t\t\t\t<div class=\"elementor-element elementor-element-08ba847 elementor-widget elementor-widget-text-editor\" data-id=\"08ba847\" data-element_type=\"widget\" data-widget_type=\"text-editor.default\">\n\t\t\t\t<div class=\"elementor-widget-container\">\n\t\t\t\t\t\t\t\t\t<ul><li class=\"bullet-arrow\"><span style=\"color: #ffffff;\"><a style=\"color: #ffffff;\" href=\"https:\/\/www.prontosoccorsodentistacomo.com\/privacy-policy\/\">Privacy Policy<\/a><\/span><\/li><li class=\"bullet-arrow\"><span style=\"color: #ffffff;\"><a style=\"color: #ffffff;\" href=\"https:\/\/www.prontosoccorsodentistacomo.com\/cookie-policy\/\">Cookie policy<\/a><\/span><\/li><li class=\"bullet-arrow\"><span style=\"color: #ffffff;\"><a style=\"color: #ffffff;\" href=\"https:\/\/www.prontosoccorsodentistacomo.com\/gdpr\">GDPR Policy<\/a><\/span><\/li><\/ul>\t\t\t\t\t\t\t\t<\/div>\n\t\t\t\t<\/div>\n\t\t\t\t\t<\/div>\n\t\t<\/div>\n\t\t\t\t<div class=\"elementor-column elementor-col-33 elementor-top-column elementor-element elementor-element-6053939\" data-id=\"6053939\" data-element_type=\"column\">\n\t\t\t<div class=\"elementor-widget-wrap elementor-element-populated\">\n\t\t\t\t\t\t<div class=\"elementor-element elementor-element-870dc7d elementor-widget elementor-widget-image\" data-id=\"870dc7d\" data-element_type=\"widget\" data-widget_type=\"image.default\">\n\t\t\t\t<div class=\"elementor-widget-container\">\n\t\t\t\t\t\t\t\t\t\t\t\t\t\t\t\t<a href=\"tel:+39335266132\">\n\t\t\t\t\t\t\t<img decoding=\"async\" width=\"800\" height=\"303\" src=\"https:\/\/www.dentistacomoh24.ch\/wp-content\/uploads\/2023\/02\/banner_grande_prontosoccorso.png\" class=\"attachment-large size-large wp-image-33\" alt=\"\" srcset=\"https:\/\/www.dentistacomoh24.ch\/wp-content\/uploads\/2023\/02\/banner_grande_prontosoccorso.png 800w, https:\/\/www.dentistacomoh24.ch\/wp-content\/uploads\/2023\/02\/banner_grande_prontosoccorso-300x114.png 300w, https:\/\/www.dentistacomoh24.ch\/wp-content\/uploads\/2023\/02\/banner_grande_prontosoccorso-768x291.png 768w\" sizes=\"(max-width: 800px) 100vw, 800px\" \/>\t\t\t\t\t\t\t\t<\/a>\n\t\t\t\t\t\t\t\t\t\t\t\t\t\t\t<\/div>\n\t\t\t\t<\/div>\n\t\t\t\t\t<\/div>\n\t\t<\/div>\n\t\t\t\t\t<\/div>\n\t\t<\/section>\n\t\t\t\t<\/div>\n\t\t","protected":false},"excerpt":{"rendered":"<p>Pronto soccorso dentistico h24 su telefonata Chiama +39 335 26 61 32 Informativa per il trattamento dei dati personali ex. Art 13 \u2013 D. Lgs. N.196\/2003 del 30 Giugno 2003 \u00a0 Per l\u2019instaurazione e l\u2019esecuzione dei rapporti contrattuali con i propri clienti, la seguente societ\u00e0 viene in possesso di dati anagrafici, fiscali ed inerenti l\u2019oggetto sociale\/aziendale relativo, acquisiti anche verbalmente, direttamente o tramite terzi. Ai sensi del D. Lgs. N.196\/2003 del 30 Giugno 2003 \u201cCodice in materia di protezione dei dati personali\u201d ed in relazione ai dati personali che intendiamo trattare secondo principi di correttezza, liceit\u00e0, trasparenza e di tutela della riservatezza e dei diritti, Vi informiamo di quanto a seguito. \u00a0 Titolare e responsabile Titolare e responsabile del trattamento dei dati personali \u00e8 il rappresentante legale domiciliato per la funzione presso la societ\u00e0 stessa. \u00a0 Finalit\u00e0 del trattamento I dati personali sono trattati nell\u2019ambito della normale attivit\u00e0 del titolare e secondo finalit\u00e0 strettamente connesse e strumentali alla gestione del rapporto intercorrente in ogni fase (pre-contrattuale, contrattuale, contenzioso, ecc.), ai derivanti obblighi contrattuali e di aggiornamento dei servizi offerti, agli adempimenti imposti dalla legge, dai regolamenti e dalla normativa comunitaria. \u00a0 Natura del conferimento Il conferimento dei dati stessi \u00e8 obbligatorio per tutto quanto \u00e8 richiesto dagli obblighi legali e contrattuali e pertanto l\u2019eventuale rifiuto a fornirli o al successivo trattamento potr\u00e0 determinare l\u2019impossibilit\u00e0 di dar corso ai rapporti contrattuali medesimi. Il mancato conferimento di dati che non siano riconducibili a obblighi legali o contrattuali verr\u00e0 valutato di volta in volta e determiner\u00e0 le conseguenti decisioni rapportate all\u2019importanza dei dati richiesti rispetto alla gestione del rapporto. \u00a0 Modalit\u00e0 del trattamento Il trattamento dei dati personali avviene con supporto di mezzi cartacei ed informatici e si realizza esclusivamente attraverso le fasi di raccolta, registrazione, organizzazione, conservazione, classificazione, comunicazione, cancellazione e distruzione dei dati, effettuate da parte del personale addetto nell\u2019ambito dell\u2019attivit\u00e0 di propria competenza e a seguito di opportuno addestramento. I dati sono conservati presso la nostra sede e verranno trattati per tutta la durata dei rapporti contrattuali instaurati e anche successivamente per l\u2019espletamento di tutti gli adempimenti di legge. I dati relativi allo svolgimento dell\u2019attivit\u00e0 economica sono trattati nel rispetto della vigente normativa in materia di segreto aziendale ed industriale. Sono impiegate misure di sicurezza volte a garantire la necessaria riservatezza ed evitare l\u2019indebito accesso a soggetti terzi o persone non autorizzate. \u00a0 Ambito di comunicazione e diffusione dei dati Ferme restando le comunicazioni e diffusioni effettuate in esecuzione di obblighi di legge, i dati sono resi disponibili esclusivamente per le finalit\u00e0 sopra elencate e potranno essere comunicati (per i soli aspetti inerenti l\u2019attivit\u00e0 specifica da eseguire), in ambito nazionale e\/o internazionale, ai seguenti altri soggetti : \u2022 Enti di accreditamento; \u2022 Professionisti e societ\u00e0 esterne che collaborano per le attivit\u00e0 di audit; \u2022 Professionisti e societ\u00e0 esterne che svolgono attivit\u00e0 per la gestione e il controllo della nostra attivit\u00e0 imprenditoriale; \u2022 Banche o Istituti di credito; \u2022 Societ\u00e0 o enti di recupero del credito. \u00a0 Viene altres\u00ec divulgato a terzi, attraverso mezzi verbali, cartacei, rete internet e sito web, lo stato di validit\u00e0 della certificazione dell\u2019organizzazione cliente (certificata, sospesa, cancellata), indicando denominazione sociale, indirizzo, norma di riferimento, scopo di certificazione e numero di certificato, codice fiscale e partita IVA. In nessun caso i dati personali in nostro possesso verranno diffusi o comunicati a soggetti terzi a fini commerciali, fatti salvi i limiti di cui all\u2019art. 16 D. Lgs 196\/2003. \u00a0 Diritti dell\u2019interessato Relativamente ai dati personali, la Vostra organizzazione pu\u00f2 in ogni momento esercitare i diritti previsti dall\u2019art. 7 del D. Lgs. N.196\/2003nei limiti ed alle condizioni previste dagli articoli 8, 9 e 10 del medesimo decreto, inoltrando una richiesta a mezzo raccomandata, fax o e-mail, al titolare del trattamento dei dati personali. Gli indirizzi sono riportati nell\u2019apposita pagina di questo sito. \u00a0 Studio Dentistico Andrea Monticelli Via S. Martino Vescovo, 322100 Como (CO) Tel +39 031.306160 Cell +39 335 266 132 Privacy Policy Cookie policy GDPR Policy<\/p>\n","protected":false},"author":1,"featured_media":0,"parent":0,"menu_order":0,"comment_status":"closed","ping_status":"closed","template":"elementor_canvas","meta":{"footnotes":""},"yoast_head":"<!-- This site is optimized with the Yoast SEO plugin v23.5 - https:\/\/yoast.com\/wordpress\/plugins\/seo\/ -->\n<title>PrivacyPolicy - Pronto Soccorso Dentistico - Andrea Monticelli<\/title>\n<meta name=\"robots\" content=\"index, follow, max-snippet:-1, max-image-preview:large, max-video-preview:-1\" \/>\n<link rel=\"canonical\" href=\"https:\/\/www.dentistacomoh24.ch\/index.php\/privacy-policy\/\" \/>\n<meta property=\"og:locale\" content=\"it_IT\" \/>\n<meta property=\"og:type\" content=\"article\" \/>\n<meta property=\"og:title\" content=\"PrivacyPolicy - Pronto Soccorso Dentistico - Andrea Monticelli\" \/>\n<meta property=\"og:description\" content=\"Pronto soccorso dentistico h24 su telefonata Chiama +39 335 26 61 32 Informativa per il trattamento dei dati personali ex. Art 13 \u2013 D. Lgs. N.196\/2003 del 30 Giugno 2003 \u00a0 Per l\u2019instaurazione e l\u2019esecuzione dei rapporti contrattuali con i propri clienti, la seguente societ\u00e0 viene in possesso di dati anagrafici, fiscali ed inerenti l\u2019oggetto sociale\/aziendale relativo, acquisiti anche verbalmente, direttamente o tramite terzi. Ai sensi del D. Lgs. N.196\/2003 del 30 Giugno 2003 \u201cCodice in materia di protezione dei dati personali\u201d ed in relazione ai dati personali che intendiamo trattare secondo principi di correttezza, liceit\u00e0, trasparenza e di tutela della riservatezza e dei diritti, Vi informiamo di quanto a seguito. \u00a0 Titolare e responsabile Titolare e responsabile del trattamento dei dati personali \u00e8 il rappresentante legale domiciliato per la funzione presso la societ\u00e0 stessa. \u00a0 Finalit\u00e0 del trattamento I dati personali sono trattati nell\u2019ambito della normale attivit\u00e0 del titolare e secondo finalit\u00e0 strettamente connesse e strumentali alla gestione del rapporto intercorrente in ogni fase (pre-contrattuale, contrattuale, contenzioso, ecc.), ai derivanti obblighi contrattuali e di aggiornamento dei servizi offerti, agli adempimenti imposti dalla legge, dai regolamenti e dalla normativa comunitaria. \u00a0 Natura del conferimento Il conferimento dei dati stessi \u00e8 obbligatorio per tutto quanto \u00e8 richiesto dagli obblighi legali e contrattuali e pertanto l\u2019eventuale rifiuto a fornirli o al successivo trattamento potr\u00e0 determinare l\u2019impossibilit\u00e0 di dar corso ai rapporti contrattuali medesimi. Il mancato conferimento di dati che non siano riconducibili a obblighi legali o contrattuali verr\u00e0 valutato di volta in volta e determiner\u00e0 le conseguenti decisioni rapportate all\u2019importanza dei dati richiesti rispetto alla gestione del rapporto. \u00a0 Modalit\u00e0 del trattamento Il trattamento dei dati personali avviene con supporto di mezzi cartacei ed informatici e si realizza esclusivamente attraverso le fasi di raccolta, registrazione, organizzazione, conservazione, classificazione, comunicazione, cancellazione e distruzione dei dati, effettuate da parte del personale addetto nell\u2019ambito dell\u2019attivit\u00e0 di propria competenza e a seguito di opportuno addestramento. I dati sono conservati presso la nostra sede e verranno trattati per tutta la durata dei rapporti contrattuali instaurati e anche successivamente per l\u2019espletamento di tutti gli adempimenti di legge. I dati relativi allo svolgimento dell\u2019attivit\u00e0 economica sono trattati nel rispetto della vigente normativa in materia di segreto aziendale ed industriale. Sono impiegate misure di sicurezza volte a garantire la necessaria riservatezza ed evitare l\u2019indebito accesso a soggetti terzi o persone non autorizzate. \u00a0 Ambito di comunicazione e diffusione dei dati Ferme restando le comunicazioni e diffusioni effettuate in esecuzione di obblighi di legge, i dati sono resi disponibili esclusivamente per le finalit\u00e0 sopra elencate e potranno essere comunicati (per i soli aspetti inerenti l\u2019attivit\u00e0 specifica da eseguire), in ambito nazionale e\/o internazionale, ai seguenti altri soggetti : \u2022 Enti di accreditamento; \u2022 Professionisti e societ\u00e0 esterne che collaborano per le attivit\u00e0 di audit; \u2022 Professionisti e societ\u00e0 esterne che svolgono attivit\u00e0 per la gestione e il controllo della nostra attivit\u00e0 imprenditoriale; \u2022 Banche o Istituti di credito; \u2022 Societ\u00e0 o enti di recupero del credito. \u00a0 Viene altres\u00ec divulgato a terzi, attraverso mezzi verbali, cartacei, rete internet e sito web, lo stato di validit\u00e0 della certificazione dell\u2019organizzazione cliente (certificata, sospesa, cancellata), indicando denominazione sociale, indirizzo, norma di riferimento, scopo di certificazione e numero di certificato, codice fiscale e partita IVA. In nessun caso i dati personali in nostro possesso verranno diffusi o comunicati a soggetti terzi a fini commerciali, fatti salvi i limiti di cui all\u2019art. 16 D. Lgs 196\/2003. \u00a0 Diritti dell\u2019interessato Relativamente ai dati personali, la Vostra organizzazione pu\u00f2 in ogni momento esercitare i diritti previsti dall\u2019art. 7 del D. Lgs. N.196\/2003nei limiti ed alle condizioni previste dagli articoli 8, 9 e 10 del medesimo decreto, inoltrando una richiesta a mezzo raccomandata, fax o e-mail, al titolare del trattamento dei dati personali. Gli indirizzi sono riportati nell\u2019apposita pagina di questo sito. \u00a0 Studio Dentistico Andrea Monticelli Via S. Martino Vescovo, 322100 Como (CO) Tel +39 031.306160 Cell +39 335 266 132 Privacy Policy Cookie policy GDPR Policy\" \/>\n<meta property=\"og:url\" content=\"https:\/\/www.dentistacomoh24.ch\/index.php\/privacy-policy\/\" \/>\n<meta property=\"og:site_name\" content=\"Pronto Soccorso Dentistico - Andrea Monticelli\" \/>\n<meta property=\"article:modified_time\" content=\"2023-02-02T11:11:50+00:00\" \/>\n<meta property=\"og:image\" content=\"http:\/\/www.dentistacomoh24.ch\/wp-content\/uploads\/2023\/02\/Senza-titolo-1.jpg\" \/>\n<meta name=\"twitter:card\" content=\"summary_large_image\" \/>\n<meta name=\"twitter:label1\" content=\"Tempo di lettura stimato\" \/>\n\t<meta name=\"twitter:data1\" content=\"5 minuti\" \/>\n<script type=\"application\/ld+json\" class=\"yoast-schema-graph\">{\"@context\":\"https:\/\/schema.org\",\"@graph\":[{\"@type\":\"WebPage\",\"@id\":\"https:\/\/www.dentistacomoh24.ch\/index.php\/privacy-policy\/\",\"url\":\"https:\/\/www.dentistacomoh24.ch\/index.php\/privacy-policy\/\",\"name\":\"PrivacyPolicy - Pronto Soccorso Dentistico - Andrea Monticelli\",\"isPartOf\":{\"@id\":\"https:\/\/www.dentistacomoh24.ch\/#website\"},\"primaryImageOfPage\":{\"@id\":\"https:\/\/www.dentistacomoh24.ch\/index.php\/privacy-policy\/#primaryimage\"},\"image\":{\"@id\":\"https:\/\/www.dentistacomoh24.ch\/index.php\/privacy-policy\/#primaryimage\"},\"thumbnailUrl\":\"http:\/\/www.dentistacomoh24.ch\/wp-content\/uploads\/2023\/02\/Senza-titolo-1.jpg\",\"datePublished\":\"2023-02-02T11:04:50+00:00\",\"dateModified\":\"2023-02-02T11:11:50+00:00\",\"breadcrumb\":{\"@id\":\"https:\/\/www.dentistacomoh24.ch\/index.php\/privacy-policy\/#breadcrumb\"},\"inLanguage\":\"it-IT\",\"potentialAction\":[{\"@type\":\"ReadAction\",\"target\":[\"https:\/\/www.dentistacomoh24.ch\/index.php\/privacy-policy\/\"]}]},{\"@type\":\"ImageObject\",\"inLanguage\":\"it-IT\",\"@id\":\"https:\/\/www.dentistacomoh24.ch\/index.php\/privacy-policy\/#primaryimage\",\"url\":\"https:\/\/www.dentistacomoh24.ch\/wp-content\/uploads\/2023\/02\/Senza-titolo-1.jpg\",\"contentUrl\":\"https:\/\/www.dentistacomoh24.ch\/wp-content\/uploads\/2023\/02\/Senza-titolo-1.jpg\",\"width\":400,\"height\":114},{\"@type\":\"BreadcrumbList\",\"@id\":\"https:\/\/www.dentistacomoh24.ch\/index.php\/privacy-policy\/#breadcrumb\",\"itemListElement\":[{\"@type\":\"ListItem\",\"position\":1,\"name\":\"Home\",\"item\":\"https:\/\/www.dentistacomoh24.ch\/\"},{\"@type\":\"ListItem\",\"position\":2,\"name\":\"PrivacyPolicy\"}]},{\"@type\":\"WebSite\",\"@id\":\"https:\/\/www.dentistacomoh24.ch\/#website\",\"url\":\"https:\/\/www.dentistacomoh24.ch\/\",\"name\":\"Pronto Soccorso Dentistico - Andrea Monticelli\",\"description\":\"Pronto Soccorso ed Implantologia Dentale\",\"publisher\":{\"@id\":\"https:\/\/www.dentistacomoh24.ch\/#organization\"},\"potentialAction\":[{\"@type\":\"SearchAction\",\"target\":{\"@type\":\"EntryPoint\",\"urlTemplate\":\"https:\/\/www.dentistacomoh24.ch\/?s={search_term_string}\"},\"query-input\":{\"@type\":\"PropertyValueSpecification\",\"valueRequired\":true,\"valueName\":\"search_term_string\"}}],\"inLanguage\":\"it-IT\"},{\"@type\":\"Organization\",\"@id\":\"https:\/\/www.dentistacomoh24.ch\/#organization\",\"name\":\"Pronto Soccorso Dentistico - Andrea Monticelli\",\"url\":\"https:\/\/www.dentistacomoh24.ch\/\",\"logo\":{\"@type\":\"ImageObject\",\"inLanguage\":\"it-IT\",\"@id\":\"https:\/\/www.dentistacomoh24.ch\/#\/schema\/logo\/image\/\",\"url\":\"https:\/\/www.dentistacomoh24.ch\/wp-content\/uploads\/2023\/02\/Senza-titolo-1.jpg\",\"contentUrl\":\"https:\/\/www.dentistacomoh24.ch\/wp-content\/uploads\/2023\/02\/Senza-titolo-1.jpg\",\"width\":400,\"height\":114,\"caption\":\"Pronto Soccorso Dentistico - Andrea Monticelli\"},\"image\":{\"@id\":\"https:\/\/www.dentistacomoh24.ch\/#\/schema\/logo\/image\/\"}}]}<\/script>\n<!-- \/ Yoast SEO plugin. -->","yoast_head_json":{"title":"PrivacyPolicy - Pronto Soccorso Dentistico - Andrea Monticelli","robots":{"index":"index","follow":"follow","max-snippet":"max-snippet:-1","max-image-preview":"max-image-preview:large","max-video-preview":"max-video-preview:-1"},"canonical":"https:\/\/www.dentistacomoh24.ch\/index.php\/privacy-policy\/","og_locale":"it_IT","og_type":"article","og_title":"PrivacyPolicy - Pronto Soccorso Dentistico - Andrea Monticelli","og_description":"Pronto soccorso dentistico h24 su telefonata Chiama +39 335 26 61 32 Informativa per il trattamento dei dati personali ex. Art 13 \u2013 D. Lgs. N.196\/2003 del 30 Giugno 2003 \u00a0 Per l\u2019instaurazione e l\u2019esecuzione dei rapporti contrattuali con i propri clienti, la seguente societ\u00e0 viene in possesso di dati anagrafici, fiscali ed inerenti l\u2019oggetto sociale\/aziendale relativo, acquisiti anche verbalmente, direttamente o tramite terzi. Ai sensi del D. Lgs. N.196\/2003 del 30 Giugno 2003 \u201cCodice in materia di protezione dei dati personali\u201d ed in relazione ai dati personali che intendiamo trattare secondo principi di correttezza, liceit\u00e0, trasparenza e di tutela della riservatezza e dei diritti, Vi informiamo di quanto a seguito. \u00a0 Titolare e responsabile Titolare e responsabile del trattamento dei dati personali \u00e8 il rappresentante legale domiciliato per la funzione presso la societ\u00e0 stessa. \u00a0 Finalit\u00e0 del trattamento I dati personali sono trattati nell\u2019ambito della normale attivit\u00e0 del titolare e secondo finalit\u00e0 strettamente connesse e strumentali alla gestione del rapporto intercorrente in ogni fase (pre-contrattuale, contrattuale, contenzioso, ecc.), ai derivanti obblighi contrattuali e di aggiornamento dei servizi offerti, agli adempimenti imposti dalla legge, dai regolamenti e dalla normativa comunitaria. \u00a0 Natura del conferimento Il conferimento dei dati stessi \u00e8 obbligatorio per tutto quanto \u00e8 richiesto dagli obblighi legali e contrattuali e pertanto l\u2019eventuale rifiuto a fornirli o al successivo trattamento potr\u00e0 determinare l\u2019impossibilit\u00e0 di dar corso ai rapporti contrattuali medesimi. Il mancato conferimento di dati che non siano riconducibili a obblighi legali o contrattuali verr\u00e0 valutato di volta in volta e determiner\u00e0 le conseguenti decisioni rapportate all\u2019importanza dei dati richiesti rispetto alla gestione del rapporto. \u00a0 Modalit\u00e0 del trattamento Il trattamento dei dati personali avviene con supporto di mezzi cartacei ed informatici e si realizza esclusivamente attraverso le fasi di raccolta, registrazione, organizzazione, conservazione, classificazione, comunicazione, cancellazione e distruzione dei dati, effettuate da parte del personale addetto nell\u2019ambito dell\u2019attivit\u00e0 di propria competenza e a seguito di opportuno addestramento. I dati sono conservati presso la nostra sede e verranno trattati per tutta la durata dei rapporti contrattuali instaurati e anche successivamente per l\u2019espletamento di tutti gli adempimenti di legge. I dati relativi allo svolgimento dell\u2019attivit\u00e0 economica sono trattati nel rispetto della vigente normativa in materia di segreto aziendale ed industriale. Sono impiegate misure di sicurezza volte a garantire la necessaria riservatezza ed evitare l\u2019indebito accesso a soggetti terzi o persone non autorizzate. \u00a0 Ambito di comunicazione e diffusione dei dati Ferme restando le comunicazioni e diffusioni effettuate in esecuzione di obblighi di legge, i dati sono resi disponibili esclusivamente per le finalit\u00e0 sopra elencate e potranno essere comunicati (per i soli aspetti inerenti l\u2019attivit\u00e0 specifica da eseguire), in ambito nazionale e\/o internazionale, ai seguenti altri soggetti : \u2022 Enti di accreditamento; \u2022 Professionisti e societ\u00e0 esterne che collaborano per le attivit\u00e0 di audit; \u2022 Professionisti e societ\u00e0 esterne che svolgono attivit\u00e0 per la gestione e il controllo della nostra attivit\u00e0 imprenditoriale; \u2022 Banche o Istituti di credito; \u2022 Societ\u00e0 o enti di recupero del credito. \u00a0 Viene altres\u00ec divulgato a terzi, attraverso mezzi verbali, cartacei, rete internet e sito web, lo stato di validit\u00e0 della certificazione dell\u2019organizzazione cliente (certificata, sospesa, cancellata), indicando denominazione sociale, indirizzo, norma di riferimento, scopo di certificazione e numero di certificato, codice fiscale e partita IVA. In nessun caso i dati personali in nostro possesso verranno diffusi o comunicati a soggetti terzi a fini commerciali, fatti salvi i limiti di cui all\u2019art. 16 D. Lgs 196\/2003. \u00a0 Diritti dell\u2019interessato Relativamente ai dati personali, la Vostra organizzazione pu\u00f2 in ogni momento esercitare i diritti previsti dall\u2019art. 7 del D. Lgs. N.196\/2003nei limiti ed alle condizioni previste dagli articoli 8, 9 e 10 del medesimo decreto, inoltrando una richiesta a mezzo raccomandata, fax o e-mail, al titolare del trattamento dei dati personali. Gli indirizzi sono riportati nell\u2019apposita pagina di questo sito. \u00a0 Studio Dentistico Andrea Monticelli Via S. Martino Vescovo, 322100 Como (CO) Tel +39 031.306160 Cell +39 335 266 132 Privacy Policy Cookie policy GDPR Policy","og_url":"https:\/\/www.dentistacomoh24.ch\/index.php\/privacy-policy\/","og_site_name":"Pronto Soccorso Dentistico - Andrea Monticelli","article_modified_time":"2023-02-02T11:11:50+00:00","og_image":[{"url":"http:\/\/www.dentistacomoh24.ch\/wp-content\/uploads\/2023\/02\/Senza-titolo-1.jpg"}],"twitter_card":"summary_large_image","twitter_misc":{"Tempo di lettura stimato":"5 minuti"},"schema":{"@context":"https:\/\/schema.org","@graph":[{"@type":"WebPage","@id":"https:\/\/www.dentistacomoh24.ch\/index.php\/privacy-policy\/","url":"https:\/\/www.dentistacomoh24.ch\/index.php\/privacy-policy\/","name":"PrivacyPolicy - Pronto Soccorso Dentistico - Andrea Monticelli","isPartOf":{"@id":"https:\/\/www.dentistacomoh24.ch\/#website"},"primaryImageOfPage":{"@id":"https:\/\/www.dentistacomoh24.ch\/index.php\/privacy-policy\/#primaryimage"},"image":{"@id":"https:\/\/www.dentistacomoh24.ch\/index.php\/privacy-policy\/#primaryimage"},"thumbnailUrl":"http:\/\/www.dentistacomoh24.ch\/wp-content\/uploads\/2023\/02\/Senza-titolo-1.jpg","datePublished":"2023-02-02T11:04:50+00:00","dateModified":"2023-02-02T11:11:50+00:00","breadcrumb":{"@id":"https:\/\/www.dentistacomoh24.ch\/index.php\/privacy-policy\/#breadcrumb"},"inLanguage":"it-IT","potentialAction":[{"@type":"ReadAction","target":["https:\/\/www.dentistacomoh24.ch\/index.php\/privacy-policy\/"]}]},{"@type":"ImageObject","inLanguage":"it-IT","@id":"https:\/\/www.dentistacomoh24.ch\/index.php\/privacy-policy\/#primaryimage","url":"https:\/\/www.dentistacomoh24.ch\/wp-content\/uploads\/2023\/02\/Senza-titolo-1.jpg","contentUrl":"https:\/\/www.dentistacomoh24.ch\/wp-content\/uploads\/2023\/02\/Senza-titolo-1.jpg","width":400,"height":114},{"@type":"BreadcrumbList","@id":"https:\/\/www.dentistacomoh24.ch\/index.php\/privacy-policy\/#breadcrumb","itemListElement":[{"@type":"ListItem","position":1,"name":"Home","item":"https:\/\/www.dentistacomoh24.ch\/"},{"@type":"ListItem","position":2,"name":"PrivacyPolicy"}]},{"@type":"WebSite","@id":"https:\/\/www.dentistacomoh24.ch\/#website","url":"https:\/\/www.dentistacomoh24.ch\/","name":"Pronto Soccorso Dentistico - Andrea Monticelli","description":"Pronto Soccorso ed Implantologia Dentale","publisher":{"@id":"https:\/\/www.dentistacomoh24.ch\/#organization"},"potentialAction":[{"@type":"SearchAction","target":{"@type":"EntryPoint","urlTemplate":"https:\/\/www.dentistacomoh24.ch\/?s={search_term_string}"},"query-input":{"@type":"PropertyValueSpecification","valueRequired":true,"valueName":"search_term_string"}}],"inLanguage":"it-IT"},{"@type":"Organization","@id":"https:\/\/www.dentistacomoh24.ch\/#organization","name":"Pronto Soccorso Dentistico - Andrea Monticelli","url":"https:\/\/www.dentistacomoh24.ch\/","logo":{"@type":"ImageObject","inLanguage":"it-IT","@id":"https:\/\/www.dentistacomoh24.ch\/#\/schema\/logo\/image\/","url":"https:\/\/www.dentistacomoh24.ch\/wp-content\/uploads\/2023\/02\/Senza-titolo-1.jpg","contentUrl":"https:\/\/www.dentistacomoh24.ch\/wp-content\/uploads\/2023\/02\/Senza-titolo-1.jpg","width":400,"height":114,"caption":"Pronto Soccorso Dentistico - Andrea Monticelli"},"image":{"@id":"https:\/\/www.dentistacomoh24.ch\/#\/schema\/logo\/image\/"}}]}},"_links":{"self":[{"href":"https:\/\/www.dentistacomoh24.ch\/index.php\/wp-json\/wp\/v2\/pages\/70"}],"collection":[{"href":"https:\/\/www.dentistacomoh24.ch\/index.php\/wp-json\/wp\/v2\/pages"}],"about":[{"href":"https:\/\/www.dentistacomoh24.ch\/index.php\/wp-json\/wp\/v2\/types\/page"}],"author":[{"embeddable":true,"href":"https:\/\/www.dentistacomoh24.ch\/index.php\/wp-json\/wp\/v2\/users\/1"}],"replies":[{"embeddable":true,"href":"https:\/\/www.dentistacomoh24.ch\/index.php\/wp-json\/wp\/v2\/comments?post=70"}],"version-history":[{"count":3,"href":"https:\/\/www.dentistacomoh24.ch\/index.php\/wp-json\/wp\/v2\/pages\/70\/revisions"}],"predecessor-version":[{"id":73,"href":"https:\/\/www.dentistacomoh24.ch\/index.php\/wp-json\/wp\/v2\/pages\/70\/revisions\/73"}],"wp:attachment":[{"href":"https:\/\/www.dentistacomoh24.ch\/index.php\/wp-json\/wp\/v2\/media?parent=70"}],"curies":[{"name":"wp","href":"https:\/\/api.w.org\/{rel}","templated":true}]}}